{"id":47,"date":"2020-08-09T15:57:32","date_gmt":"2020-08-09T15:57:32","guid":{"rendered":"https:\/\/tmp1.rocska.hu\/?page_id=47"},"modified":"2020-08-10T06:11:53","modified_gmt":"2020-08-10T06:11:53","slug":"a-dr-hauschka-kozmetika-alapgondolata","status":"publish","type":"page","link":"https:\/\/tamasikatalin.hu\/?page_id=47","title":{"rendered":"A Dr. Hauschka kozmetika alapgondolata"},"content":{"rendered":"\n<p><strong>A Dr. Hauschka kozmetika alapgondolata<\/strong><\/p>\n\n\n\n<p>A DR. HAUSCHKA kozmetika 1967-ben jelent meg a piacon &#8222;Elisabeth Sigmund gy\u00f3gy\u00edt\u00f3 kozmetik\u00e1ja&#8221; n\u00e9ven. A &#8222;gy\u00f3gy\u00edt\u00f3&#8221; fogalom utal arra a helyre, ahol ez a kozmetika megsz\u00fcletett: a WALA gy\u00f3gyszergy\u00e1rt\u00f3 c\u00e9gre, melyet 1950-ben alap\u00edtottak N\u00e9metorsz\u00e1gban, Eckw\u00e4ldenben. Ma a kozmetikumok a c\u00e9get alap\u00edt\u00f3 DR. RUDOLF HAUSCHKA nev\u00e9t viselik.<br><br>A kozmetikumok nem az\u00e9rt kapt\u00e1k a &#8222;gy\u00f3gy\u00edt\u00f3&#8221; jelz\u0151t, mintha a b\u0151r betegs\u00e9geit akart\u00e1k volna vel\u00fck gy\u00f3gy\u00edtani. A c\u00e9l az volt, hogy az egyoldal\u00fas\u00e1gokat mutat\u00f3 &#8211; sz\u00e1raz, tiszt\u00e1talan, zs\u00edros, \u00e9rz\u00e9keny vagy t\u00fal kor\u00e1n \u00f6reged\u0151 &#8211; b\u0151rt a k\u00e9sz\u00edtm\u00e9nyekkel ism\u00e9t harmoniz\u00e1lj\u00e1k, m\u0171k\u00f6d\u00e9s\u00e9t normaliz\u00e1lj\u00e1k, \u00e9s ezt az \u00e1llapotot f\u00f6nn is tarts\u00e1k.<br><br>A recept\u00far\u00e1kat kidolgoz\u00f3 orvosok, gy\u00f3gyszer\u00e9szek \u00e9s a kozmetol\u00f3gus Elisabeth Sigmund sz\u00e1m\u00e1ra nyilv\u00e1nval\u00f3 volt, hogy a b\u0151r mint szerv milyen fontos k\u00f6zvet\u00edt\u0151 szerepet j\u00e1tszik az ember organizmus\u00e1ban. M\u00e1r akkor felismert\u00e9k, hogy a j\u00f6v\u0151ben milyen abnorm\u00e1lis k\u00fcls\u0151 \u00e9s bels\u0151 ig\u00e9nybev\u00e9telnek lesz kit\u00e9ve az ember b\u0151re. Gondoljunk a leveg\u0151 \u00e9s a vizek fokoz\u00f3d\u00f3 elszennyez\u0151d\u00e9s\u00e9re, az \u00f3zonpajzs t\u00f6nkret\u00e9tele k\u00f6vetkezt\u00e9ben egyre agressz\u00edvebb\u00e9 v\u00e1l\u00f3 napf\u00e9nyre, a denatur\u00e1lt \u00e9lelmiszerekre. Ehhez j\u00f6nnek m\u00e9g az \u00e1lland\u00f3 nyugtalans\u00e1g-zaklatotts\u00e1g okozta lelki, idegi terhel\u00e9sek (aut\u00f3vezet\u00e9s, r\u00e1di\u00f3, TV, computer, mobil telefon stb.), a foglakoz\u00e1sokkal j\u00e1r\u00f3 stressz, t\u00falhajtotts\u00e1g.<br><br>\u00cdgy a DR. HAUSCHKA kozmetika &#8211; egyr\u00e9szt ter\u00e1pi\u00e1s hat\u00e1sa, m\u00e1sr\u00e9szt biol\u00f3giai min\u0151s\u00e9ge k\u00f6vetkezt\u00e9ben &#8211; ma aktu\u00e1lisabb, mint valaha.<br>A k\u00e9sz\u00edtm\u00e9nyek b\u0151r\u00fcnket v\u00e9d\u0151, er\u0151s\u00edt\u0151, megeleven\u00edt\u0151, regener\u00e1ci\u00f3j\u00e1t seg\u00edt\u0151 hat\u00e1sa minden \u00e9letkorban n\u00e9lk\u00fcl\u00f6zhetetlen. Nem c\u00e9lja, hogy l\u00e1tsz\u00f3lagos hat\u00e1sokat \u00e9rjen el, nem alak\u00edt ki f\u00fcgg\u0151s\u00e9get. Minden b\u0151r megtanul l\u00e9p\u00e9sr\u0151l l\u00e9p\u00e9sre norm\u00e1lis, eg\u00e9szs\u00e9ges b\u0151rr\u00e9 v\u00e1lni.<\/p>\n\n\n\n<p><strong>Sz\u00e9ps\u00e9g \u00e9s harm\u00f3nia &#8211; a klasszikus Dr.Hauschka kezel\u00e9s<\/strong><\/p>\n\n\n\n<p>Tal\u00e1n meg fogja \u00d6nt lepni:<br><br>A Dr.Hauschka arckezel\u00e9s l\u00e1bf\u00fcrd\u0151vel kezd\u0151dik. A sug\u00e1rz\u00f3an sz\u00e9p archoz vezet\u0151 \u00faton az els\u0151 l\u00e9p\u00e9s: a j\u00f3les\u0151en \u00e1tmeleg\u00edtett l\u00e1bakb\u00f3l sug\u00e1rz\u00f3 ellazul\u00e1s, ami az eg\u00e9sz testet \u00e1tj\u00e1rja.<\/p>\n\n\n\n<div class=\"wp-block-media-text alignwide has-media-on-the-right is-stacked-on-mobile\" style=\"grid-template-columns:auto 15%\"><figure class=\"wp-block-media-text__media\"><img loading=\"lazy\" decoding=\"async\" width=\"76\" height=\"467\" src=\"https:\/\/tmp1.rocska.hu\/wp-content\/uploads\/2020\/08\/hau-kezel.jpg\" alt=\"\" class=\"wp-image-83\" srcset=\"https:\/\/tamasikatalin.hu\/wp-content\/uploads\/2020\/08\/hau-kezel.jpg 76w, https:\/\/tamasikatalin.hu\/wp-content\/uploads\/2020\/08\/hau-kezel-49x300.jpg 49w, https:\/\/tamasikatalin.hu\/wp-content\/uploads\/2020\/08\/hau-kezel-10x60.jpg 10w\" sizes=\"auto, (max-width: 76px) 100vw, 76px\" \/><\/figure><div class=\"wp-block-media-text__content\">\n<p><strong>A zs\u00e1ly\u00e1s l\u00e1bf\u00fcrd\u0151<\/strong> hozz\u00e1seg\u00edti \u00d6nt ahhoz, hogy &#8222;mag\u00e1ba sz\u00e1lljon&#8221;; minden gondot, gondolatot, melyek egy\u00e9bk\u00e9nt elmaradhatatlan k\u00eds\u00e9r\u0151ink, egy r\u00f6vid id\u0151re el tudjon hallgattatni, hogy \u00edgy teljesen \u00e1tadhassa mag\u00e1t a kezel\u00e9snek.<br><br><strong>A l\u00e1bf\u00fcrd\u0151t a l\u00e1bak bed\u00f6rzs\u00f6l\u00e9se k\u00f6veti<\/strong> &#8211; a gondos \u00e1pol\u00e1s er\u0151t ad az \u00e9let tov\u00e1bbi form\u00e1l\u00e1s\u00e1hoz. A l\u00e1bf\u00fcrd\u0151 &#8211; a polarit\u00e1s elve alapj\u00e1n &#8211; felszabad\u00edtja a fejet, eg\u00e9szen &#8222;\u00e9rz\u0151v\u00e9&#8221; teszi \u00d6nt, ezzel befogad\u00f3k\u00e9ssz\u00e9 v\u00e1lt a kezel\u00e9s tov\u00e1bbi mozzanataira.<br><br><strong>A l\u00e1bak \u00e1pol\u00e1sa ut\u00e1n a test ellenkez\u0151 p\u00f3lus\u00e1hoz fordulunk<\/strong> &#8211; a fej, nyak laz\u00edt\u00e1sa, fesz\u00fclts\u00e9geinek felold\u00e1sa k\u00f6vetkezik. Korunkban, k\u00fcl\u00f6n\u00f6sen azokn\u00e1l, akik sokat \u00fclnek (pl. sz\u00e1m\u00edt\u00f3g\u00e9p mellett v\u00e9gzett munka) \u00e9s munkav\u00e9gz\u00e9shez egyoldal\u00faan csak kez\u00fcket-karjukat-fej\u00fcket haszn\u00e1lj\u00e1k, a testnek ez a fels\u0151 r\u00e9sze k\u00fcl\u00f6n\u00f6sen er\u0151s \u00e9s egyoldal\u00fa terhel\u00e9st kap, ez\u00e9rt fontos a kezel\u00e9snek ez a bevezet\u0151, &#8222;alapoz\u00f3&#8221; szakasza.<br><br><strong>Ezt k\u00f6vet\u0151en a test k\u00f6z\u00e9ps\u0151 r\u00e9sz\u00e9vel foglalkozunk.<\/strong> A kar, v\u00e1ll, t\u00f6rzs izmainak ellaz\u00edt\u00e1sa \u00e9s a kezek, karok bed\u00f6rzs\u00f6l\u00e9se, \u00e1pol\u00e1sa ut\u00e1n kezd\u0151dhet a tulajdonk\u00e9ppeni arckezel\u00e9s.<br><br>Minden eredm\u00e9nyes arc\u00e1pol\u00e1s alapfelt\u00e9tele az alapos, k\u00edm\u00e9letes tiszt\u00edt\u00e1s. A Dr. Hauschka kozmetikai kezel\u00e9sben illatos borogat\u00e1sok seg\u00edts\u00e9g\u00e9vel el\u0151tiszt\u00edt\u00e1st kap a vend\u00e9g, majd a mandula\u0151rlem\u00e9nyt tartalmaz\u00f3 tiszt\u00edt\u00f3 kr\u00e9mmel letiszt\u00edtjuk az arc, nyak, dekolt\u00e1zs b\u0151r\u00e9t. A tiszt\u00edt\u00f3 emulzi\u00f3 egyben seg\u00edti is a b\u0151r fel\u00e9p\u00edt\u00e9s\u00e9t. A tiszt\u00edt\u00e1s ritmikus &#8222;adok-kapok&#8221; folyamat: a b\u0151r \u00e1tj\u00e1rhat\u00f3v\u00e1 v\u00e1lik, f\u00f6lveszi a tiszt\u00edt\u00f3 szubsztanci\u00e1t \u00e9s leadja tiszt\u00e1talans\u00e1gait. A letiszt\u00edtott b\u0151rt arctonikkal \u00e1tsim\u00edtjuk, ezzel er\u0151s\u00edt\u00e9st kap a b\u0151r.<br><br>A tiszt\u00edt\u00e1st k\u00f6vet\u0151en <strong>gy\u00f3gyn\u00f6v\u00e9ny kivonatokat tartalmaz\u00f3 g\u0151zzel<\/strong> \u00e1tmeleg\u00edtj\u00fck b\u0151r\u00e9t, ami jav\u00edtja a v\u00e9rell\u00e1t\u00e1st \u00e9s gyullad\u00e1scs\u00f6kkent\u0151 hat\u00e1s\u00fa. A b\u0151r <strong>kitiszt\u00edt\u00e1sa ut\u00e1n gy\u00f3gyiszap alap\u00fa maszkot<\/strong> helyez\u00fcnk f\u00f6l, ami minden tiszt\u00e1talans\u00e1got mag\u00e1ba sz\u00edv, ezen k\u00edv\u00fcl megnyugtatja a b\u0151rt \u00e9s ism\u00e9t z\u00e1rja a tiszt\u00edt\u00e1s sor\u00e1n megnyitott p\u00f3rusokat.<br><br>A maszkot szakavatott kozmetikusaink minden vend\u00e9g sz\u00e1m\u00e1ra individu\u00e1lisan \u00e1ll\u00edtj\u00e1k \u00f6ssze. Id\u0151tartama szint\u00e9n egy\u00e9ni, az aktu\u00e1lis b\u0151r\u00e1llapott\u00f3l f\u00fcgg.<\/p>\n<\/div><\/div>\n\n\n\n<div class=\"wp-block-media-text alignwide has-media-on-the-right is-stacked-on-mobile\" style=\"grid-template-columns:auto 15%\"><figure class=\"wp-block-media-text__media\"><img loading=\"lazy\" decoding=\"async\" width=\"77\" height=\"474\" src=\"https:\/\/tmp1.rocska.hu\/wp-content\/uploads\/2020\/08\/hau-kezel2.jpg\" alt=\"\" class=\"wp-image-84\"\/><\/figure><div class=\"wp-block-media-text__content\">\n<p><strong>A kezel\u00e9s k\u00f6zponti t\u00f6rt\u00e9n\u00e9se: a nyirokstimul\u00e1ci\u00f3<\/strong><br><br>Az intenz\u00edv tiszt\u00edt\u00e1st-harmoniz\u00e1l\u00e1st nyirokstimul\u00e1ci\u00f3 k\u00f6veti. A nyiroknedvek teljes b\u0151rfel\u00fclet\u00fcnket &#8211; \u00e9s teljes organizmusunkat &#8211; \u00e1t\u00e1ramolj\u00e1k, m\u00e9regtelen\u00edt\u00e9s\u00fcnk alapvet\u0151 szerv\u00e9t k\u00e9pezve. Ez a folyad\u00e9k a sz\u00f6vetekb\u0151l a nyirokerekbe \u00e1ramlik, melyeket sz\u00e1mtalan nyirokcsom\u00f3 tagol.<br><br>A csom\u00f3knak tiszt\u00edt\u00f3-m\u00e9regtelen\u00edt\u0151 funkci\u00f3juk van. A kozmetikai kezel\u00e9sek sor\u00e1n a nyirokrendszert csak stimul\u00e1lni szabad, egy\u00e9b beavatkoz\u00e1s (dren\u00e1zs stb.) az orvos feladata.<br><br>A Dr.Hauschka nyirokstimul\u00e1ci\u00f3t finom ujjmozdulatokkal \u00e9s ecsetvon\u00e1sokkal, k\u00e9zmozdulatokkal v\u00e9gzi a kozmetikus. Ezzel el\u00e9rj\u00fck a k\u00f6t\u0151sz\u00f6veti folyad\u00e9k harmonikus \u00e1raml\u00e1s\u00e1t.<br><br>A kezel\u00e9s beleny\u00fal folyad\u00e9ktest\u00fcnk eleven \u00e1raml\u00e1saiba, \u00e9leter\u0151ink mozg\u00e1s\u00e1ba, ezzel a teljes embert harmoniz\u00e1lja.<br><br><strong>A b\u0151r \u00e9s az organizmus er\u0151s\u00edt\u00e9se<\/strong><br><br>A b\u0151r most teljesen nyitott &#8211; ism\u00e9t z\u00e1rni kell h\u00e1t \u00e9s meger\u0151s\u00edteni, hogy er\u0151teljesen l\u00e9phessen \u00fajb\u00f3l a k\u00fclvil\u00e1gba.<br><br>A b\u0151r\u00e1pol\u00f3 ampull\u00e1k fel\u00e9p\u00edt\u0151 szubsztanci\u00e1kkal l\u00e1tj\u00e1k el a b\u0151rt, ezt az \u00d6n aktu\u00e1lis b\u0151r\u00e1llapot\u00e1nak megfelel\u0151 pakol\u00e1s felhord\u00e1sa k\u00f6veti.<br><br>A <strong>revitaliz\u00e1l\u00f3 pakol\u00e1s<\/strong> seg\u00edti a b\u0151r felfriss\u00fcl\u00e9s\u00e9t, regener\u00e1ci\u00f3j\u00e1t &#8211; de seg\u00edts\u00e9get ad a tiszt\u00e1talan, gyulladt b\u0151rnek is eg\u00e9szs\u00e9ge visszah\u00f3d\u00edt\u00e1s\u00e1ban.<br><br>Az akn\u00e9s, gyulladt b\u0151r a legnagyobb seg\u00edts\u00e9get a felmeleg\u00edtett arcolajjal k\u00e9sz\u00edtett <strong>olajpakol\u00e1st\u00f3l<\/strong> kapja.<br><br>A r\u00f3zsa pakol\u00e1s egyr\u00e9szt a b\u0151r folyad\u00e9kh\u00e1ztart\u00e1s\u00e1t, ez\u00e1ltal feszess\u00e9g\u00e9t, rugalmass\u00e1g\u00e1t t\u00e1mogatja, a kor\u00e1n megjelen\u0151 finom r\u00e1ncok megjelen\u00e9s\u00e9t k\u00e9slelteti.<br><br>V\u00e9g\u00fcl a nagyon sz\u00e1raz b\u0151r k\u00e9nyeztet\u00e9s\u00e9hez legink\u00e1bb a <strong>kr\u00e9mpakol\u00e1s<\/strong> j\u00e1rul hozz\u00e1, ez a legtartalmasabb pakol\u00e1s.<\/p>\n<\/div><\/div>\n\n\n\n<p>Am\u00edg a pakol\u00e1s kifejti hat\u00e1s\u00e1t, addig a Dr.Hauschka b\u0151r\u00e1pol\u00f3 olajok k\u00f6z\u00fcl a kozmetikus kiv\u00e1lasztja az \u00d6nnek legink\u00e1bb megfelel\u0151t, amivel dekolt\u00e1zsmassz\u00e1zst v\u00e9gez.<br><br>A megfelel\u0151 olaj gy\u00f3gy\u00edt\u00f3 er\u0151kkel aj\u00e1nd\u00e9kozza meg \u00d6nt. Mindezek a mozzanatok egy k\u00edv\u00fclr\u0151l befel\u00e9 ir\u00e1nyul\u00f3, hosszantart\u00f3 hat\u00e1s\u00fa harmoniz\u00e1l\u00e1st eredm\u00e9nyeznek, amit a kezel\u00e9st k\u00f6vet\u0151en m\u00e9g j\u00f3 ideig tapasztalni fog.<br><br>Legv\u00e9g\u00fcl a kezel\u00e9s befejez\u00e9sek\u00e9ppen &#8211; a pakol\u00e1s elt\u00e1vol\u00edt\u00e1sa, a b\u0151r \u00fajb\u00f3li toniz\u00e1l\u00e1sa ut\u00e1n &#8211; nappali \u00e1pol\u00f3 k\u00e9sz\u00edtm\u00e9nyeket, ig\u00e9ny eset\u00e9n sminket kap a b\u0151re, hogy \u00d6n ism\u00e9t frissen, biztons\u00e1ggal t\u00e9rjen vissza az \u00d6nre v\u00e1r\u00f3 feladatokhoz.<\/p>\n","protected":false},"excerpt":{"rendered":"<p>A Dr. Hauschka kozmetika alapgondolata A DR. HAUSCHKA kozmetika 1967-ben jelent meg a piacon &#8222;Elisabeth Sigmund gy\u00f3gy\u00edt\u00f3 kozmetik\u00e1ja&#8221; n\u00e9ven. A &#8222;gy\u00f3gy\u00edt\u00f3&#8221; fogalom utal arra a helyre, ahol ez a kozmetika &hellip; <\/p>\n","protected":false},"author":1,"featured_media":0,"parent":0,"menu_order":0,"comment_status":"closed","ping_status":"closed","template":"","meta":{"footnotes":""},"class_list":["post-47","page","type-page","status-publish","hentry"],"_links":{"self":[{"href":"https:\/\/tamasikatalin.hu\/index.php?rest_route=\/wp\/v2\/pages\/47","targetHints":{"allow":["GET"]}}],"collection":[{"href":"https:\/\/tamasikatalin.hu\/index.php?rest_route=\/wp\/v2\/pages"}],"about":[{"href":"https:\/\/tamasikatalin.hu\/index.php?rest_route=\/wp\/v2\/types\/page"}],"author":[{"embeddable":true,"href":"https:\/\/tamasikatalin.hu\/index.php?rest_route=\/wp\/v2\/users\/1"}],"replies":[{"embeddable":true,"href":"https:\/\/tamasikatalin.hu\/index.php?rest_route=%2Fwp%2Fv2%2Fcomments&post=47"}],"version-history":[{"count":3,"href":"https:\/\/tamasikatalin.hu\/index.php?rest_route=\/wp\/v2\/pages\/47\/revisions"}],"predecessor-version":[{"id":86,"href":"https:\/\/tamasikatalin.hu\/index.php?rest_route=\/wp\/v2\/pages\/47\/revisions\/86"}],"wp:attachment":[{"href":"https:\/\/tamasikatalin.hu\/index.php?rest_route=%2Fwp%2Fv2%2Fmedia&parent=47"}],"curies":[{"name":"wp","href":"https:\/\/api.w.org\/{rel}","templated":true}]}}