{"id":54,"date":"2020-08-09T16:00:11","date_gmt":"2020-08-09T16:00:11","guid":{"rendered":"https:\/\/tmp1.rocska.hu\/?page_id=54"},"modified":"2020-08-19T15:48:37","modified_gmt":"2020-08-19T13:48:37","slug":"martina-gebhardt-biokozmetika","status":"publish","type":"page","link":"https:\/\/tamasikatalin.hu\/?page_id=54","title":{"rendered":"Martina Gebhardt Biokozmetika"},"content":{"rendered":"\n<p><strong>A legterm\u00e9szetesebb nat\u00farkozmetikum<\/strong><\/p>\n\n\n\n<p>Martina Gebhardt Naturkosmetik GmbH a vil\u00e1gon az egyetlen nat\u00farkozmetikumokat gy\u00e1rt\u00f3 c\u00e9g, melynek kiv\u00e9tel n\u00e9lk\u00fcl minden term\u00e9ke Demeter-min\u0151s\u00edt\u00e9ssel rendelkezik. A c\u00e9g alap\u00edt\u00f3ja, Martina Gebhardt az els\u0151k k\u00f6z\u00f6tt volt, aki biomin\u0151s\u00e9g\u0171 alapanyagokat haszn\u00e1lt nat\u00farkozmetikumai el\u0151\u00e1ll\u00edt\u00e1s\u00e1hoz. Ma gyakorlatilag a c\u00e9g term\u00e9keihez felhaszn\u00e1lt valamennyi alapanyag bio, vagy biodinamikus, Demeter-min\u0151s\u00edt\u00e9ssel rendelkez\u0151 termeszt\u00e9sb\u0151l sz\u00e1rmazik, melyek magukban hordozz\u00e1k a term\u00e9szet ritmusait. A kozmetikumok el\u0151\u00e1ll\u00edt\u00e1sa is ritmikus, biodinamikus szempontok szerint t\u00f6rt\u00e9nik.<\/p>\n\n\n\n<div class=\"wp-block-image is-style-default\"><figure class=\"aligncenter size-large is-resized\"><img loading=\"lazy\" decoding=\"async\" src=\"https:\/\/tmp1.rocska.hu\/wp-content\/uploads\/2020\/08\/rozsa-csoportkep2.jpg\" alt=\"\" class=\"wp-image-148\" width=\"410\" height=\"239\" srcset=\"https:\/\/tamasikatalin.hu\/wp-content\/uploads\/2020\/08\/rozsa-csoportkep2.jpg 640w, https:\/\/tamasikatalin.hu\/wp-content\/uploads\/2020\/08\/rozsa-csoportkep2-300x176.jpg 300w, https:\/\/tamasikatalin.hu\/wp-content\/uploads\/2020\/08\/rozsa-csoportkep2-102x60.jpg 102w\" sizes=\"auto, (max-width: 410px) 100vw, 410px\" \/><\/figure><\/div>\n\n\n\n<p>Martina Gebhardt m\u00e1rka term\u00e9kei nem tartalmaznak egyetlen olyan anyagot sem, amely k\u00e1ros\u00edthatja az embert vagy a k\u00f6rnyezetet. A 100 %-ban term\u00e9szetesen alapanyagok 95 %-a Demeter min\u0151s\u00edt\u00e9ssel rendelkezik vagy ellen\u0151rz\u00f6tt biogazd\u00e1lkod\u00e1sb\u00f3l sz\u00e1rmazik. Minden tabu, ami szintetikus, \u00e9pp\u00fagy mint az \u00e1llatokon tesztelt alapanyagok.<br><br>Martina Gebhardt tud\u00e1skincs\u00e9nek r\u00e9sze a spag\u00edrika is. Ez egy olyan alk\u00edmiai m\u00f3dszer, melynek seg\u00edts\u00e9g\u00e9vel a n\u00f6v\u00e9nyekb\u0151l \u00e9rt\u00e9kes esszenci\u00e1kat desztill\u00e1lnak \u00e9s ezek hamuj\u00e1b\u00f3l term\u00e9szetes s\u00f3kat \u00e1ll\u00edtanak el\u0151. E r\u00e9gi elj\u00e1r\u00e1s csakis a legtiszt\u00e1bb esszenci\u00e1kat eredm\u00e9nyezi, melyek tiszt\u00edt\u00f3, regener\u00e1ci\u00f3t el\u0151seg\u00edt\u0151 hat\u00e1ssal rendelkeznek. Ez a teljes gy\u00f3gy\u00edt\u00e1si folyamat seg\u00edt megtartani, illetve helyre\u00e1ll\u00edtani a b\u0151r egyens\u00faly\u00e1t. Martina Gebhardt kozmetikumaiban kiz\u00e1r\u00f3lag tiszta alpesi forr\u00e1svizet haszn\u00e1l, amelyet m\u00e9g energetikailag is felt\u00f6ltenek.<\/p>\n\n\n\n<div class=\"wp-block-media-text alignwide has-media-on-the-right is-stacked-on-mobile is-vertically-aligned-center\" style=\"grid-template-columns:auto 26%\"><figure class=\"wp-block-media-text__media\"><img loading=\"lazy\" decoding=\"async\" width=\"192\" height=\"225\" src=\"https:\/\/tmp1.rocska.hu\/wp-content\/uploads\/2020\/08\/martina_gebhart.jpg\" alt=\"\" class=\"wp-image-154\" srcset=\"https:\/\/tamasikatalin.hu\/wp-content\/uploads\/2020\/08\/martina_gebhart.jpg 192w, https:\/\/tamasikatalin.hu\/wp-content\/uploads\/2020\/08\/martina_gebhart-51x60.jpg 51w\" sizes=\"auto, (max-width: 192px) 100vw, 192px\" \/><\/figure><div class=\"wp-block-media-text__content\">\n<p><strong>T\u00f6bb mint bio?<\/strong><br>&#8222;A kozmetik\u00e1ban az \u00e9rtelem \u00e9s az \u00e9rzelem a legbens\u0151s\u00e9gesebb m\u00f3don egyes\u00fclnek, hiszen a sz\u00e9ps\u00e9g \u00e1pol\u00e1sa a m\u0171v\u00e9szet magasiskol\u00e1ja, ezt \u00e9rzem \u00e9s erre t\u00f6rekszem. Az \u00e9terikus olajok illata, a kr\u00e9mek \u00e9s tejek finom puhas\u00e1ga, amelyek selyemk\u00e9nt simulnak a b\u0151rre \u00e9s a gyeng\u00e9d bemassz\u00edroz\u00e1s sz\u00e1momra ugyanolyan fontos, mint az \u00e1pol\u00f3 hat\u00e1s klasszikus szempontjai. Az \u00e9rz\u00e9ki tapasztal\u00e1s megnyit benn\u00fcnket. Az izmok, sz\u00f6vetek \u00e9s sejtek ellazulnak \u00e9s j\u00f3l \u00e9rezz\u00fck magunkat a b\u0151r\u00fcnkben. Az energia \u00fajra \u00e1ramlik, n\u0151 a vitalit\u00e1sunk \u00e9s a kisug\u00e1rz\u00e1sunk. Sz\u00e9pnek \u00e9rezz\u00fck magunkat &#8211; sz\u00e9pek vagyunk!&#8221;<br><br>&#8222;Az \u00e9let b\u00f6lcsess\u00e9ge a l\u00e9nyegtelen elhagy\u00e1s\u00e1ban rejlik&#8221; \/Lao-ce\/<br>Ez a filoz\u00f3fiai felismer\u00e9s, hogy a t\u00f6bb kevesebb, hat\u00e1rozza meg kozmetikumaimat. Recept\u00far\u00e1imban csak olyan alapanyagokat haszn\u00e1lok fel, amelyek \u00e9sszer\u0171ek \u00e9s k\u00f6lcs\u00f6n\u00f6sen kieg\u00e9sz\u00edtik egym\u00e1st. Minden egyes \u00f6sszetev\u0151 \u00e9rt\u00e9kes hat\u00f3anyag a b\u0151r sz\u00e1m\u00e1ra. \u00edgy bontakozik ki az a var\u00e1zslatos Valami &#8221; majdnem a semmib\u0151l &#8221; ami sz\u00e1rnyakat ad nek\u00fcnk.<br>\/Martina Gebhardt\/<\/p>\n\n\n\n<p><\/p>\n<\/div><\/div>\n\n\n\n<div class=\"wp-block-media-text alignwide has-media-on-the-right is-stacked-on-mobile is-vertically-aligned-center\" style=\"grid-template-columns:auto 24%\"><figure class=\"wp-block-media-text__media\"><img loading=\"lazy\" decoding=\"async\" width=\"344\" height=\"300\" src=\"https:\/\/tmp1.rocska.hu\/wp-content\/uploads\/2020\/08\/receptura.jpg\" alt=\"\" class=\"wp-image-161\" srcset=\"https:\/\/tamasikatalin.hu\/wp-content\/uploads\/2020\/08\/receptura.jpg 344w, https:\/\/tamasikatalin.hu\/wp-content\/uploads\/2020\/08\/receptura-300x262.jpg 300w, https:\/\/tamasikatalin.hu\/wp-content\/uploads\/2020\/08\/receptura-69x60.jpg 69w\" sizes=\"auto, (max-width: 344px) 100vw, 344px\" \/><\/figure><div class=\"wp-block-media-text__content\">\n<p><strong>A recept\u00far\u00e1kr\u00f3l<\/strong><br>Minden Martina Gebhardt kozmetikumot nagyon takar\u00e9kosan haszn\u00e1ljunk, mivel a b\u0151r funkci\u00f3it t\u00e1mogatni akarjuk nem pedig akad\u00e1lyozni. A Martina Gebhardt kr\u00e9mek ide\u00e1lis 6-7 k\u00f6z\u00f6tti ph-\u00e9rt\u00e9k\u00fckkel seg\u00edtenek meg\u0151rizni a b\u0151r term\u00e9szetes savv\u00e9delm\u00e9t.<br>Nincs olyan szer, amely megakad\u00e1lyozza a b\u0151r \u00f6reged\u00e9s\u00e9t, a term\u00e9szet azonban n\u00f6v\u00e9nyek \u00e9s n\u00f6v\u00e9nyi olajok sor\u00e1t k\u00edn\u00e1lja, amelyek seg\u00edtenek meg\u0151rizni a b\u0151r rugalmass\u00e1g\u00e1t \u00e9s feszess\u00e9g\u00e9t \u00e9s egyben eg\u00e9szs\u00e9g\u00e9t is. Nincs az a k\u00e9miai \u00faton el\u0151\u00e1ll\u00edtott ut\u00e1nzat, amely \u00fagy tudn\u00e1 \u00e1polni, v\u00e9deni \u00e9s t\u00e1pl\u00e1lni a b\u0151rt, mint a term\u00e9szet. Pr\u00f3b\u00e1lja ki, ami \u00d6nnek tetszik, amire gusztusa, \u00e9tv\u00e1gya van. Biztos, hogy nem mindennap van kedve r\u00e9p\u00e1t enni. Ugyanez a helyzet a b\u0151r\u00e9vel is. Nem \u00e9sszer\u0171 mindig ugyanazokkal a hat\u00f3anyagokkal t\u00e1pl\u00e1lni, mivel a szervezet, ill. a b\u0151r hamarosan tel\u00edt\u0151dik vel\u00fck. A k\u00fcl\u00f6nb\u00f6z\u0151 b\u0151r\u00e1llapotok le\u00edr\u00e1sa ugyan ny\u00fajt n\u00e9mi t\u00e1mpontot a term\u00e9kek kiv\u00e1laszt\u00e1s\u00e1n\u00e1l, de javasoljuk, hogy b\u00edzzon az orr\u00e1ban \u00e9s a meg\u00e9rz\u00e9s\u00e9ben is, ha a term\u00e9k &#8211; a benne l\u00e9v\u0151 n\u00f6v\u00e9nyek &#8211; illat\u00e1t kellemesnek tal\u00e1lja, akkor annak hat\u00f3anyagait is el fogja fogadni a b\u0151re (a rokons\u00e1g elve). Ne agg\u00f3djon, nem vezetj\u00fck \u00d6nt az orr\u00e1n\u00e1l fogva!<\/p>\n\n\n\n<p><\/p>\n<\/div><\/div>\n\n\n\n<p><\/p>\n\n\n\n<p><strong>A Martina Gebhardt k\u00e9sz\u00edtm\u00e9nyek otthoni haszn\u00e1lata<\/strong><br>A reggeli a tiszt\u00edt\u00e1st elegend\u0151 csak v\u00edzzel v\u00e9gezni, kiv\u00e9ve ha \u00e9jszak\u00e1ra zs\u00edros kr\u00e9met haszn\u00e1l. Ebben az esetben haszn\u00e1lja a b\u0151r\u00e1llapot\u00e1nak megfelel\u0151 arctisz\u00edt\u00f3 tejet. A tiszt\u00edt\u00e1s ut\u00e1n a b\u0151r felfriss\u00edt\u00e9s\u00e9re \u00e9s toniz\u00e1l\u00e1s\u00e1ra haszn\u00e1lja az arctonikot, ezt j\u00f3l nyomkodja be a b\u0151rbe, ezzel fokozza a b\u0151r v\u00e9rkering\u00e9s\u00e9t. V\u00e9g\u00fcl massz\u00edrozza be a kr\u00e9met a m\u00e9g nedves b\u0151rbe.<br><br>Este \u00e1ltal\u00e1ban csak az arctiszt\u00edt\u00f3 tejre van sz\u00fcks\u00e9g. Az arctiszt\u00edt\u00f3 tejet massz\u00edrozza be j\u00f3l a b\u0151rbe, majd mossa le langyos v\u00edzzel. Az arctiszt\u00edt\u00f3tej visszazs\u00edroz\u00f3 hat\u00e1s\u00e1nak k\u00f6sz\u00f6nhet\u0151en elegend\u0151 v\u00e9delmet biztos\u00edt a b\u0151rnek \u00e9jszak\u00e1ra. Fontos, hogy a b\u0151r \u00e9jszaka &#8222;l\u00e9legezni tudjon&#8221;, vagyis, hogy az izzads\u00e1g \u00e9s a salakanyagok akad\u00e1lytalanul juthassanak a b\u0151r felsz\u00edn\u00e9re. \u00cdgy marad a b\u0151r eg\u00e9szs\u00e9ges \u00e9s tal\u00e1l vissza term\u00e9szetes egyens\u00faly\u00e1hoz. Ha m\u00e9gis szeretne \u00e9jszak\u00e1ra is zs\u00edrosabb \u00e1pol\u00e1st, akkor haszn\u00e1lja az arctejet vagy a kr\u00e9met.<\/p>\n\n\n\n<div class=\"wp-block-image\"><figure class=\"aligncenter size-large\"><img loading=\"lazy\" decoding=\"async\" width=\"274\" height=\"310\" src=\"https:\/\/tmp1.rocska.hu\/wp-content\/uploads\/2020\/08\/arcmosas.jpg\" alt=\"\" class=\"wp-image-170\" srcset=\"https:\/\/tamasikatalin.hu\/wp-content\/uploads\/2020\/08\/arcmosas.jpg 274w, https:\/\/tamasikatalin.hu\/wp-content\/uploads\/2020\/08\/arcmosas-265x300.jpg 265w, https:\/\/tamasikatalin.hu\/wp-content\/uploads\/2020\/08\/arcmosas-53x60.jpg 53w\" sizes=\"auto, (max-width: 274px) 100vw, 274px\" \/><\/figure><\/div>\n\n\n\n<p>Ny\u00e1ron javasolt az arctejek, t\u00e9len pedig az arckr\u00e9mek haszn\u00e1lata. Smink al\u00e1 az arctej a legide\u00e1lisabb. Valamennyi kr\u00e9m nagyon j\u00f3l kombin\u00e1lhat\u00f3 az \u00f6sszes t\u00f6bbi term\u00e9kkel.<br><br>Egy\u00e9ni ig\u00e9nyeik szerint tetsz\u0151legesen v\u00e1ltoztathatj\u00e1k a term\u00e9kek konzisztenci\u00e1j\u00e1t. Ha a kr\u00e9m t\u00fal tartalmas az \u00d6n sz\u00e1m\u00e1ra, keverjen hozz\u00e1 megfelel\u0151 mennyis\u00e9g\u0171 arctejet \u00e9s ezt a kever\u00e9ket kenje fel az arc\u00e1ra.<br><br>Az arckr\u00e9mek 50% nedvess\u00e9get tartalmaznak, p\u00e9ld\u00e1ul n\u00f6v\u00e9nyi kivonatokat tiszta forr\u00e1sv\u00edzben \u00e9s 50% zs\u00edrtartalm\u00fa anyagokat, n\u00f6v\u00e9nyi olajokat, zs\u00edrokat \u00e9s viaszokat. Ez megfelel b\u0151r\u00fcnk hydrolipid r\u00e9teg\u00e9nek (zs\u00edr-nedvess\u00e9g ar\u00e1ny\u00fanak) 20 \u00e9ves kor k\u00f6r\u00fcl. Ezt kell t\u00e1mogatni, megtartani, mert ett\u0151l lesz b\u0151r\u00fcnk sz\u00e9p \u00e9s sima. A hidrat\u00e1l\u00f3 kr\u00e9mek vagy a csak zs\u00edros kr\u00e9mek, olajok megv\u00e1ltoztatj\u00e1k a b\u0151r term\u00e9szetes egyens\u00faly\u00e1t; mindk\u00e9t v\u00e1ltozat egyre jobban kisz\u00e1r\u00edtja a b\u0151rt.<br><br>A Martina Gebhardt Nat\u00farkozmetika egyik fontos alapelve, hogy nem haszn\u00e1l fel standardiz\u00e1lt alapanyagokat, ez\u00e9rt a term\u00e9kek illata, sz\u00edne, \u00e1llaga csek\u00e9ly m\u00e9rt\u00e9kben v\u00e1ltozhat. Ez azonban semmi esetre sem jelent min\u0151s\u00e9groml\u00e1st, s\u0151t \u00e9ppen azt bizony\u00edtja, hogy konzekvensen kiz\u00e1r\u00f3lag term\u00e9szetes \u00e1llapot\u00fa alapanyagokat haszn\u00e1lunk. A term\u00e9kek t\u00e1rol\u00e1sa sor\u00e1n ker\u00fclni kell az extr\u00e9m h\u0151m\u00e9rs\u00e9kleteket \u00e9s h\u0151m\u00e9rs\u00e9klet ingadoz\u00e1sokat. T\u00e1rol\u00e1si h\u0151m\u00e9rs\u00e9klet: 2-25 fok. H\u00f3 hat\u00e1s\u00e1ra a kr\u00e9mek kiengedhetik olajtartalmuk egy r\u00e9sz\u00e9t, de ez nem cs\u00f6kkenti a term\u00e9k min\u0151s\u00e9g\u00e9t, kever\u00e9ssel pedig megsz\u00fcntethet\u0151 a sz\u00e9tv\u00e1l\u00e1s. A csomagol\u00e1son felt\u00fcntetett eltarthat\u00f3s\u00e1g a bontatlan term\u00e9kre vonatkozik.<br><br>Forr\u00e1s: www.martinagebhardt.hu<\/p>\n","protected":false},"excerpt":{"rendered":"<p>A legterm\u00e9szetesebb nat\u00farkozmetikum Martina Gebhardt Naturkosmetik GmbH a vil\u00e1gon az egyetlen nat\u00farkozmetikumokat gy\u00e1rt\u00f3 c\u00e9g, melynek kiv\u00e9tel n\u00e9lk\u00fcl minden term\u00e9ke Demeter-min\u0151s\u00edt\u00e9ssel rendelkezik. A c\u00e9g alap\u00edt\u00f3ja, Martina Gebhardt az els\u0151k k\u00f6z\u00f6tt volt, &hellip; <\/p>\n","protected":false},"author":1,"featured_media":0,"parent":0,"menu_order":0,"comment_status":"closed","ping_status":"closed","template":"","meta":{"footnotes":""},"class_list":["post-54","page","type-page","status-publish","hentry"],"_links":{"self":[{"href":"https:\/\/tamasikatalin.hu\/index.php?rest_route=\/wp\/v2\/pages\/54","targetHints":{"allow":["GET"]}}],"collection":[{"href":"https:\/\/tamasikatalin.hu\/index.php?rest_route=\/wp\/v2\/pages"}],"about":[{"href":"https:\/\/tamasikatalin.hu\/index.php?rest_route=\/wp\/v2\/types\/page"}],"author":[{"embeddable":true,"href":"https:\/\/tamasikatalin.hu\/index.php?rest_route=\/wp\/v2\/users\/1"}],"replies":[{"embeddable":true,"href":"https:\/\/tamasikatalin.hu\/index.php?rest_route=%2Fwp%2Fv2%2Fcomments&post=54"}],"version-history":[{"count":12,"href":"https:\/\/tamasikatalin.hu\/index.php?rest_route=\/wp\/v2\/pages\/54\/revisions"}],"predecessor-version":[{"id":171,"href":"https:\/\/tamasikatalin.hu\/index.php?rest_route=\/wp\/v2\/pages\/54\/revisions\/171"}],"wp:attachment":[{"href":"https:\/\/tamasikatalin.hu\/index.php?rest_route=%2Fwp%2Fv2%2Fmedia&parent=54"}],"curies":[{"name":"wp","href":"https:\/\/api.w.org\/{rel}","templated":true}]}}